{"id":1078,"date":"2014-02-18T21:45:42","date_gmt":"2014-02-18T20:45:42","guid":{"rendered":"http:\/\/vl593.dinaserver.com\/hosting\/www.surfcampribadesella.com\/www-2\/?page_id=32"},"modified":"2026-01-24T12:19:01","modified_gmt":"2026-01-24T12:19:01","slug":"youth-camps","status":"publish","type":"page","link":"https:\/\/www.surfcampribadesella.com\/en\/surfcamps\/youth-camps\/","title":{"rendered":"Youth camps"},"content":{"rendered":"<div class=\"wpb-content-wrapper\"><p>[vc_row full_width=&#8221;stretch_row_content_no_spaces&#8221; video_bg=&#8221;yes&#8221; video_bg_url=&#8221;https:\/\/www.youtube.com\/watch?v=xhUNt7Z0MC0&#8243; disable_element=&#8221;yes&#8221; el_id=&#8221;video&#8221;][vc_column][\/vc_column][\/vc_row][vc_row el_class=&#8221;intro narrow grey margintop&#8221;][vc_column][vc_column_text]Youth surf camps take place from the last week of June to the last week of July, from Monday to Sunday. Anybody whose age ranges between 10 and 17 years old is welcome to take part in them.<\/p>\n<p>Our monitors care for the youth campers 24 hours a day. Aside from the surfing monitors, campers will be looked after by our leisure activities monitors, who will reside in the same accommodation facilities and help with any queries or problems that might arise during the night.<\/p>\n<p>But it is not only about surfing! Our leisure activities monitors prepare daily programmes full of activities to keep young people active: water balloon wars, football and volley ball matches in the beach, gymkhanas, outings and many more activities that get organised on a daily basis according to what the children want to do.[\/vc_column_text][vc_row_inner][vc_column_inner][vc_single_image image=&#8221;5109&#8243; img_size=&#8221;full&#8221; alignment=&#8221;center&#8221; css=&#8221;&#8221;][\/vc_column_inner][\/vc_row_inner][\/vc_column][\/vc_row][vc_row][vc_column][vc_column_text]Our surf camp is truly unique due to the SurfPalace, a colonial-style mansion house completely refurbished located directly at the beachfront. The building has large landscaped areas and a big terrace where children can spend their free time without having to leave the house. The building can accommodate 55 people distributed in rooms for 6 people and has large shared bathrooms.<\/p>\n<p>Full board is included in our surf camps and meals are taken in the surf camp&#8217;s large dining room. We have our own kitchen, where our chefs prepare daily home-made, delicious and well-balanced menus, adapted to every child&#8217;s needs.<\/p>\n<p>The area offers a great deal of activities, such as canoeing down the River Sella, horse riding and paint-ball battles, among others. Each week, we carry out an extra activity which we decide by consensus once the children arrive to the camp.<\/p>\n<p>Surf Camp Ribadesella belongs to <a href=\"http:\/\/www.aesasurf.org\/\" target=\"_blank\" rel=\"noopener noreferrer\">AESA<\/a> (Asturian surf schools association) which guarantees the quality of their schools. Our monitors are very experienced in sport training, are certified by the <a href=\"http:\/\/www.fesurf.net\" target=\"_blank\" rel=\"noopener noreferrer\">Spanish Surfing Federation<\/a> and have knowledge on water rescue and first aid techniques.<\/p>\n<p>We have the greatest insurance coverage possible and our materials are of a high quality.[\/vc_column_text][vc_row_inner el_class=&#8221;calendar grey icons center margintop&#8221;][vc_column_inner][vc_column_text css=&#8221;&#8221;]<\/p>\n<h2>Prices<\/h2>\n<p>[\/vc_column_text][vc_single_image image=&#8221;5186&#8243; img_size=&#8221;full&#8221; alignment=&#8221;center&#8221; css=&#8221;&#8221;][\/vc_column_inner][\/vc_row_inner][\/vc_column][\/vc_row][vc_row full_width=&#8221;stretch_row&#8221; el_class=&#8221;cta&#8221;][vc_column][vc_cta h2=&#8221;Do not hesitate to get in touch with us to book any of our surf camps&#8221; shape=&#8221;square&#8221; add_button=&#8221;right&#8221; btn_title=&#8221;Make a reservation&#8221; btn_link=&#8221;url:%23form|||&#8221;][\/vc_cta][\/vc_column][\/vc_row][vc_row][vc_column width=&#8221;1\/3&#8243;][vc_single_image image=&#8221;4691&#8243; img_size=&#8221;full&#8221;][\/vc_column][vc_column width=&#8221;1\/3&#8243;][vc_single_image image=&#8221;4692&#8243; img_size=&#8221;full&#8221;][\/vc_column][vc_column width=&#8221;1\/3&#8243;][vc_single_image image=&#8221;4695&#8243; img_size=&#8221;full&#8221;][\/vc_column][\/vc_row][vc_row][vc_column width=&#8221;1\/3&#8243;][vc_single_image image=&#8221;4696&#8243; img_size=&#8221;full&#8221;][\/vc_column][vc_column width=&#8221;1\/3&#8243;][vc_single_image image=&#8221;4697&#8243; img_size=&#8221;full&#8221;][\/vc_column][vc_column width=&#8221;1\/3&#8243;][vc_single_image image=&#8221;4698&#8243; img_size=&#8221;full&#8221;][\/vc_column][\/vc_row][vc_row full_width=&#8221;stretch_row&#8221; disable_element=&#8221;yes&#8221; el_class=&#8221;calendar grey icons center margintop&#8221;][vc_column][vc_column_text]<\/p>\n<h2>Prices<\/h2>\n<p>[\/vc_column_text][vc_single_image image=&#8221;5043&#8243; img_size=&#8221;full&#8221; onclick=&#8221;img_link_large&#8221;][vc_row_inner disable_element=&#8221;yes&#8221;][vc_column_inner width=&#8221;1\/5&#8243;][vc_single_image image=&#8221;4987&#8243; img_size=&#8221;full&#8221;][\/vc_column_inner][vc_column_inner width=&#8221;1\/5&#8243;][vc_single_image image=&#8221;4988&#8243; img_size=&#8221;full&#8221;][\/vc_column_inner][vc_column_inner width=&#8221;1\/5&#8243;][vc_single_image image=&#8221;4989&#8243; img_size=&#8221;full&#8221;][\/vc_column_inner][vc_column_inner width=&#8221;1\/5&#8243;][vc_single_image image=&#8221;4990&#8243; img_size=&#8221;full&#8221;][\/vc_column_inner][vc_column_inner width=&#8221;1\/5&#8243;][vc_single_image image=&#8221;4991&#8243; img_size=&#8221;full&#8221;][\/vc_column_inner][\/vc_row_inner][vc_row_inner disable_element=&#8221;yes&#8221;][vc_column_inner width=&#8221;1\/5&#8243;][\/vc_column_inner][vc_column_inner width=&#8221;1\/5&#8243;][\/vc_column_inner][vc_column_inner width=&#8221;1\/5&#8243;][vc_single_image image=&#8221;4992&#8243; img_size=&#8221;full&#8221;][\/vc_column_inner][vc_column_inner width=&#8221;1\/5&#8243;][\/vc_column_inner][vc_column_inner width=&#8221;1\/5&#8243;][\/vc_column_inner][\/vc_row_inner][\/vc_column][\/vc_row][vc_row full_width=&#8221;stretch_row&#8221; el_class=&#8221;cta&#8221;][vc_column][vc_cta h2=&#8221;Do not hesitate to get in touch with us to book any of our surf camps&#8221; shape=&#8221;square&#8221; add_button=&#8221;right&#8221; btn_title=&#8221;Make a reservation&#8221; btn_link=&#8221;url:%23form|||&#8221;][\/vc_cta][\/vc_column][\/vc_row][vc_row full_width=&#8221;stretch_row&#8221;][vc_column][vc_column_text css=&#8221;&#8221;]<\/p>\n<h2>Our children surf camps include:<\/h2>\n<ul>\n<li>Accommodation in our SurfHouse, located directly at the beachfront.<\/li>\n<li>Full board (breakfast, lunch and dinner).<\/li>\n<li>Daily 2 hour surfing lessons and free surfing in the afternoon under permanent monitor surveillance.<\/li>\n<li>Required equipment for surfing and long skating practice.<\/li>\n<li>Longboard lessons.<\/li>\n<li>Keepsake video. <a href=\"http:\/\/youtube.com\/watch?v=zdMY_7PahPc&amp;feature=youtu.be\" target=\"_blank\" rel=\"noopener noreferrer\">Click here to see an example<\/a>.<\/li>\n<li>Technique correction via video recording.<\/li>\n<li>24 hour care and attention provided by our monitors.<\/li>\n<li>Paddle-board trips.<\/li>\n<li>Farewell party.<\/li>\n<li>Accident and liability insurance.<\/li>\n<li>Activities organised by leisure activities monitors and all necessary materials for them.<\/li>\n<\/ul>\n<h3>Optional extras:<\/h3>\n<ul>\n<li>Weekend party (approx. \u20ac15)<\/li>\n<li>Sella River Descent with Monta\u00f1as del Norte TA9 (\u20ac30)<\/li>\n<\/ul>\n<p>[\/vc_column_text][\/vc_column][\/vc_row][vc_row disable_element=&#8221;yes&#8221; el_class=&#8221;faq&#8221;][vc_column][vc_column_text el_class=&#8221;icons center&#8221;]<\/p>\n<h2>Preguntas frecuentes<\/h2>\n<p>[\/vc_column_text][vc_toggle title=&#8221;\u00bfA qu\u00e9 hora es la entrada en Surfcamp Ribadesella? \u00bfA qu\u00e9 hora habr\u00eda que recogerlos?&#8221; style=&#8221;round_outline&#8221;]<strong>Entrada:<\/strong> Lunes a partir de las 14 h.<br \/>\n<strong>Salida:<\/strong> Domingos hasta las 14 h.[\/vc_toggle][vc_toggle title=&#8221;\u00bfExiste un planning fijado para cada semana de Surfcamp? \u00bfQu\u00e9 son multiactividades?&#8221; style=&#8221;round_outline&#8221;]Hay un planning establecido cada semana para cada d\u00eda, el planning es ligeramente variable en funci\u00f3n del tiempo, mareas&#8230;<br \/>\nCuando nos referimos a \u201cmultiactividades\u201d hablamos de partidos de voley, f\u00fatbol, skate, ping-pong o lo que en ese momento se decida en grupo.[\/vc_toggle][vc_toggle title=&#8221;\u00bfCu\u00e1ntas horas de surf tienen los chicos al d\u00eda?&#8221; style=&#8221;round_outline&#8221;]M\u00ednimo 2 horas de clase. Tras esta pueden tener sesiones de surf supervisado por alg\u00fan monitor. Sin embargo si tienen cierta experiencia y quieren ir por su cuenta al agua, al ser menores, deber\u00e1n traer firmada la autorizaci\u00f3n que se os hace llegar cuando se realiza la reserva con el subnombre de \u201cOPCIONAL\u201d y que permitir\u00e1 a los chicos ir al agua sin supervisi\u00f3n, entre otras. En cualquier caso seg\u00fan las condiciones la \u00faltima palabra siempre la tienen los miembros de staff.[\/vc_toggle][vc_toggle title=&#8221;\u00bfPueden salir y entrar sin monitores?&#8221; style=&#8221;round_outline&#8221;]Ribadesella es una peque\u00f1a villa tur\u00edstica muy tranquila y segura, pueden salir por los alrededores siempre y cuando avisen a alguno de los monitores y siempre en horarios de d\u00eda. Sin embargo si los chicos quieren salir y entrar sin ning\u00fan tipo de restricci\u00f3n, al ser menores, deber\u00e1n traer firmada la autorizaci\u00f3n que se os hace llegar cuando se realiza la reserva con el subnombre de \u201cOPCIONAL\u201d y que permitir\u00e1 a los chicos ser tratados como adultos a la hora de salir y entrar de la surfhouse. Para los dem\u00e1s y seg\u00fan edades, se les establecen horarios razonables si les apetece dar una vuelta por el pueblo.[\/vc_toggle][vc_toggle title=&#8221;\u00bfQu\u00e9 equipaje deben traer?&#8221; style=&#8221;round_outline&#8221;]Como equipaje lo que vosotros consider\u00e9is necesario para una o dos semanas fuera de casa practicando deporte, os recomendamos que traigan varios ba\u00f1adores y toallas, tanto de ba\u00f1o como de playa. Ba\u00f1adores, chanclas, crema solar, aftersun&#8230;<br \/>\nTambi\u00e9n aconsejamos traer alguna sudadera y chubasquero (nunca se sabe).<br \/>\nEs importante que traigan sus tarjetas sanitarias y necesitamos saber si tienen alg\u00fan tipo de alergias, dietas especiales o medicaci\u00f3n.[\/vc_toggle][vc_toggle title=&#8221;\u00bfCu\u00e1ntas comidas se incluyen a lo largo de la semana del surfcamp?&#8221; style=&#8221;round_outline&#8221;]El surfcamp comienza los lunes con entrada a partir de las 14h, por lo tanto, la primera comida ser\u00e1 la cena. El resto de d\u00edas incluyen desayuno, comida y cena. Hasta el Domingo que solo incluir\u00e1 el desayuno.[\/vc_toggle][vc_toggle title=&#8221;\u00bfQu\u00e9 ocurre si el menor tiene alguna intolerancia alimentaria?&#8221; style=&#8221;round_outline&#8221;]Si el menor tiene alguna intolerancia alimentaria, no hay problema, comunic\u00e1dnoslo con la mayor antelaci\u00f3n posible y gestionaremos los cambios necesarios en su dieta.[\/vc_toggle][vc_toggle title=&#8221;\u00bfHay recogida a aeropuertos y\/o estaciones?&#8221; style=&#8221;round_outline&#8221;]En caso de necesitar recogidas en trenes, autobuses o aviones los hacemos a Oviedo, Gij\u00f3n, Avil\u00e9s y Santander, cualquier otra particularidad para el d\u00eda de llegada o la salida os agradecer\u00edamos nos los comunic\u00e1rais cuanto antes. Los transfers se realizan con un coste extra.[\/vc_toggle][vc_toggle title=&#8221;\u00bfCu\u00e1nto dinero deben traer los chicos para una semana de surfcamp?&#8221; style=&#8221;round_outline&#8221;]Cada semana solemos realizar una actividad extra (descenso del sella, iniciaci\u00f3n a la pesca, visita a las cuevas de Tito Bustillo\u2026) est\u00e1s actividades no van m\u00e1s all\u00e1 de los 20\u20ac. El resto de gastos que pueden tener depende de cada uno: Helados, dulces, alg\u00fan accesorio en los puestos del paseo\u2026[\/vc_toggle][vc_toggle title=&#8221;\u00bfCu\u00e1nto dinero deben traer los chicos para 2 semanas de surfcamp?&#8221; style=&#8221;round_outline&#8221;]Igual que el apartado anterior, pero adem\u00e1s teniendo en cuenta la comida del Lunes y las dos del Domingo.[\/vc_toggle][vc_toggle title=&#8221;\u00bfGuard\u00e1is el dinero, objetos de valor o m\u00f3viles de los chicos?&#8221; style=&#8221;round_outline&#8221;]No. En principio, ellos son responsables en uso de sus m\u00f3viles y dem\u00e1s pertenencias. Solo en casos excepcionales podremos gestionarles el dinero.[\/vc_toggle][\/vc_column][\/vc_row][vc_row full_width=&#8221;stretch_row&#8221; el_id=&#8221;form&#8221; el_class=&#8221;formulario&#8221;][vc_column]\n<div class=\"wpcf7 no-js\" id=\"wpcf7-f159-o1\" lang=\"es-ES\" dir=\"ltr\" data-wpcf7-id=\"159\">\n<div class=\"screen-reader-response\"><p role=\"status\" aria-live=\"polite\" aria-atomic=\"true\"><\/p> <ul><\/ul><\/div>\n<form action=\"\/en\/wp-json\/wp\/v2\/pages\/1078#wpcf7-f159-o1\" method=\"post\" class=\"wpcf7-form init\" aria-label=\"Formulario de contacto\" novalidate=\"novalidate\" data-status=\"init\">\n<fieldset class=\"hidden-fields-container\"><input type=\"hidden\" name=\"_wpcf7\" value=\"159\" \/><input type=\"hidden\" name=\"_wpcf7_version\" value=\"6.1.5\" \/><input type=\"hidden\" name=\"_wpcf7_locale\" value=\"es_ES\" \/><input type=\"hidden\" name=\"_wpcf7_unit_tag\" value=\"wpcf7-f159-o1\" \/><input type=\"hidden\" name=\"_wpcf7_container_post\" value=\"0\" \/><input type=\"hidden\" name=\"_wpcf7_posted_data_hash\" value=\"\" \/><input type=\"hidden\" name=\"_wpcf7_recaptcha_response\" value=\"\" \/>\n<\/fieldset>\n<div class=\"mainform\">\n\t<div class=\"vc_row wpb_row vc_row-fluid form-head\">\n\t\t<div class=\"wpb_column vc_column_container vc_col-sm-12\">\n\t\t\t<div class=\"vc_column-inner\">\n\t\t\t\t<h3>Request more information from SurfCamp Ribadesella\n\t\t\t\t<\/h3>\n\t\t\t\t<p>For more information about SurfCamp Ribadesella, call us on <a href=\"tel:+34619327020\">619327020<\/a> - <a href=\"tel:+34609607200\">609607200<\/a> or write to <a href=\"mailto:info@surfcampribadesella.com\">info@surfcampribadesella.com<\/a> and we'll reply to you as soon as possible:\n\t\t\t\t<\/p>\n\t\t\t<\/div>\n\t\t<\/div>\n\t<\/div>\n\t<div class=\"vc_row wpb_row vc_row-fluid form-body\">\n\t\t<div class=\"wpb_column vc_column_container vc_col-sm-6\">\n\t\t\t<div class=\"vc_column-inner\">\n\t\t\t\t<div class=\"box form-nombre one-half first\">\n\t\t\t\t\t<p><label><span class=\"form-label\">* Name:<\/span><\/label><span class=\"wpcf7-form-control-wrap\" data-name=\"your-name\"><input size=\"40\" maxlength=\"400\" class=\"wpcf7-form-control wpcf7-text wpcf7-validates-as-required\" aria-required=\"true\" aria-invalid=\"false\" placeholder=\"Tell us your name\" value=\"\" type=\"text\" name=\"your-name\" \/><\/span>\n\t\t\t\t\t<\/p>\n\t\t\t\t<\/div>\n\t\t\t\t<div class=\"box form-email one-half\">\n\t\t\t\t\t<p><label><span class=\"form-label\">* Email:<\/span><\/label><span class=\"wpcf7-form-control-wrap\" data-name=\"your-email\"><input size=\"40\" maxlength=\"400\" class=\"wpcf7-form-control wpcf7-email wpcf7-validates-as-required wpcf7-text wpcf7-validates-as-email\" aria-required=\"true\" aria-invalid=\"false\" placeholder=\"Tell us your email\" value=\"\" type=\"email\" name=\"your-email\" \/><\/span>\n\t\t\t\t\t<\/p>\n\t\t\t\t<\/div>\n\t\t\t\t<div class=\"box form-email one-half\">\n\t\t\t\t\t<p><label><span class=\"form-label\">Phone number:<\/span><\/label><span class=\"wpcf7-form-control-wrap\" data-name=\"Telefono\"><input size=\"40\" maxlength=\"400\" class=\"wpcf7-form-control wpcf7-tel wpcf7-text wpcf7-validates-as-tel\" aria-invalid=\"false\" placeholder=\"Tell us your phone number\" value=\"\" type=\"tel\" name=\"Telefono\" \/><\/span>\n\t\t\t\t\t<\/p>\n\t\t\t\t<\/div>\n\t\t\t<\/div>\n\t\t<\/div>\n\t\t<div class=\"wpb_column vc_column_container vc_col-sm-6\">\n\t\t\t<div class=\"vc_column-inner\">\n\t\t\t\t<div class=\"form-mensaje\">\n\t\t\t\t\t<p><label><span class=\"form-label\">* Message:<\/span><\/label><span class=\"wpcf7-form-control-wrap\" data-name=\"your-message\"><textarea cols=\"40\" rows=\"10\" maxlength=\"1200\" minlength=\"1\" class=\"wpcf7-form-control wpcf7-textarea wpcf7-validates-as-required\" aria-required=\"true\" aria-invalid=\"false\" placeholder=\"What would you like to ask us?\" name=\"your-message\"><\/textarea><\/span>\n\t\t\t\t\t<\/p>\n\t\t\t\t<\/div>\n\t\t\t<\/div>\n\t\t<\/div>\n\t<\/div>\n\t<div class=\"vc_row wpb_row vc_row-fluid form-footer\">\n\t\t<div class=\"wpb_column vc_column_container vc_col-sm-6 form-check\">\n\t\t\t<div class=\"vc_column-inner\">\n\t\t\t\t<p><span class=\"wpcf7-form-control-wrap\" data-name=\"acceptance-23\"><span class=\"wpcf7-form-control wpcf7-acceptance\"><span class=\"wpcf7-list-item\"><input type=\"checkbox\" name=\"acceptance-23\" value=\"1\" aria-invalid=\"false\" \/><\/span><\/span><\/span> I have read and agree to the <a href=\"\/en\/privacy-policy\/\" target=\"_blank\"> Privacy policy<\/a>.\n\t\t\t\t<\/p>\n\t\t\t\t<p><span class=\"wpcf7-form-control-wrap\" data-name=\"checkbox-459\"><span class=\"wpcf7-form-control wpcf7-checkbox\"><span class=\"wpcf7-list-item first last\"><input type=\"checkbox\" name=\"checkbox-459[]\" value=\"I authorize the use of my personal data in order to receive information and news.\" \/><span class=\"wpcf7-list-item-label\">I authorize the use of my personal data in order to receive information and news.<\/span><\/span><\/span><\/span>.\n\t\t\t\t<\/p>\n\t\t\t<\/div>\n\t\t<\/div>\n\t\t<div class=\"wpb_column vc_column_container vc_col-sm-6 send\">\n\t\t\t<div class=\"vc_column-inner\">\n\t\t\t\t<p><input class=\"wpcf7-form-control wpcf7-submit has-spinner\" id=\"contactar\" type=\"submit\" value=\"Send\" \/>\n\t\t\t\t<\/p>\n\t\t\t<\/div>\n\t\t<\/div>\n\t<\/div>\n\t<div class=\"vc_row wpb_row vc_row-fluid lgpd full-width\">\n\t\t<div class=\"wpb_column vc_column_container vc_col-sm-12\">\n\t\t\t<div class=\"vc_column-inner\">\n\t\t\t\t<p><small class=\"intro-lgpd\">In compliance with the provisions of the General Data Protection Regulation (EU) 2016\/679, <strong>RBDSCAMP RIBADESELLA S.L.<\/strong> wishes to inform you that your email address, as well as other personal data that might be contained in this form, would be included in personal data processing operations, as detailed below:<\/small><small><br \/>\n<strong>Responsible party:<\/strong> <strong>RBDSCAMP RIBADESELLA S.L. <\/strong><br \/>\n<strong>Purpose:<\/strong> Handling of user comments and enquiries, as well as information delivery when this has been specifically agreed to.<br \/>\n<strong>Legitimation:<\/strong> Consent of the interested party or legal representative.<br \/>\n<strong>Recipients: <\/strong><strong>RBDSCAMP RIBADESELLA S.L. <\/strong> does not disclose data to third parties. Only in those cases where information delivery has been specifically agreed to, we will use tools like salesmanago or mailchimp to manage information delivery tasks.<br \/>\n<strong>Rights:<\/strong> To access, rectify and delete data, as explained in our <a href=\"\/en\/privacy-policy\/\" target=\"_blank\">privacy policy<\/a>.<br \/>\n<strong>Additional information:<\/strong> <a href=\"\/en\/privacy-policy\/\" target=\"_blank\">privacy policy<\/a>.<br \/>\n<\/small>\n\t\t\t\t<\/p>\n\t\t\t<\/div>\n\t\t<\/div>\n\t<\/div>\n<\/div><p style=\"display: none !important;\" class=\"akismet-fields-container\" data-prefix=\"_wpcf7_ak_\"><label>&#916;<textarea name=\"_wpcf7_ak_hp_textarea\" cols=\"45\" rows=\"8\" maxlength=\"100\"><\/textarea><\/label><input type=\"hidden\" id=\"ak_js_1\" name=\"_wpcf7_ak_js\" value=\"81\"\/><script>document.getElementById( \"ak_js_1\" ).setAttribute( \"value\", ( new Date() ).getTime() );<\/script><\/p><div class=\"wpcf7-response-output\" aria-hidden=\"true\"><\/div>\n<\/form>\n<\/div>\n[\/vc_column][\/vc_row]<\/p>\n<\/div>","protected":false},"excerpt":{"rendered":"<p>Campamentos de surf para menores de edad en plena naturaleza.<\/p>\n","protected":false},"author":1,"featured_media":5175,"parent":4435,"menu_order":0,"comment_status":"closed","ping_status":"closed","template":"template-fullwith.php","meta":{"footnotes":""},"class_list":["post-1078","page","type-page","status-publish","has-post-thumbnail","hentry"],"yoast_head":"<!-- This site is optimized with the Yoast SEO plugin v27.0 - https:\/\/yoast.com\/product\/yoast-seo-wordpress\/ -->\n<title>Youth Camps in Ribadesella (Asturias) - Surf Camp Ribadesella<\/title>\n<meta name=\"description\" content=\"In our surf camps for children in Ribadesella (Asturias), children can enjoy sports and healthy living in the countryside. Find out without obligation.\" \/>\n<meta name=\"robots\" content=\"index, follow, max-snippet:-1, max-image-preview:large, max-video-preview:-1\" \/>\n<link rel=\"canonical\" href=\"https:\/\/www.surfcampribadesella.com\/en\/surfcamps\/youth-camps\/\" \/>\n<meta property=\"og:locale\" content=\"en_GB\" \/>\n<meta property=\"og:type\" content=\"article\" \/>\n<meta property=\"og:title\" content=\"Youth Camps in Ribadesella (Asturias) - Surf Camp Ribadesella\" \/>\n<meta property=\"og:description\" content=\"In our surf camps for children in Ribadesella (Asturias), children can enjoy sports and healthy living in the countryside. Find out without obligation.\" \/>\n<meta property=\"og:url\" content=\"https:\/\/www.surfcampribadesella.com\/en\/surfcamps\/youth-camps\/\" \/>\n<meta property=\"og:site_name\" content=\"(EN) Ribadesella Surfcamp | Surf School in Spain\" \/>\n<meta property=\"article:modified_time\" content=\"2026-01-24T12:19:01+00:00\" \/>\n<meta property=\"og:image\" content=\"https:\/\/st3.surfcampribadesella.com\/media\/sites\/2\/2025\/12\/Juveniles-1080_1080_EN.jpg\" \/>\n\t<meta property=\"og:image:width\" content=\"1080\" \/>\n\t<meta property=\"og:image:height\" content=\"1080\" \/>\n\t<meta property=\"og:image:type\" content=\"image\/jpeg\" \/>\n<meta name=\"twitter:label1\" content=\"Estimated reading time\" \/>\n\t<meta name=\"twitter:data1\" content=\"6 minutes\" \/>\n<script type=\"application\/ld+json\" class=\"yoast-schema-graph\">{\"@context\":\"https:\/\/schema.org\",\"@graph\":[{\"@type\":\"WebPage\",\"@id\":\"https:\/\/www.surfcampribadesella.com\/en\/surfcamps\/youth-camps\/\",\"url\":\"https:\/\/www.surfcampribadesella.com\/en\/surfcamps\/youth-camps\/\",\"name\":\"Youth Camps in Ribadesella (Asturias) - Surf Camp Ribadesella\",\"isPartOf\":{\"@id\":\"https:\/\/www.surfcampribadesella.com\/en\/#website\"},\"primaryImageOfPage\":{\"@id\":\"https:\/\/www.surfcampribadesella.com\/en\/surfcamps\/youth-camps\/#primaryimage\"},\"image\":{\"@id\":\"https:\/\/www.surfcampribadesella.com\/en\/surfcamps\/youth-camps\/#primaryimage\"},\"thumbnailUrl\":\"https:\/\/st3.surfcampribadesella.com\/media\/sites\/2\/2025\/12\/Juveniles-1080_1080_EN.jpg\",\"datePublished\":\"2014-02-18T20:45:42+00:00\",\"dateModified\":\"2026-01-24T12:19:01+00:00\",\"description\":\"In our surf camps for children in Ribadesella (Asturias), children can enjoy sports and healthy living in the countryside. Find out without obligation.\",\"breadcrumb\":{\"@id\":\"https:\/\/www.surfcampribadesella.com\/en\/surfcamps\/youth-camps\/#breadcrumb\"},\"inLanguage\":\"en-GB\",\"potentialAction\":[{\"@type\":\"ReadAction\",\"target\":[\"https:\/\/www.surfcampribadesella.com\/en\/surfcamps\/youth-camps\/\"]}]},{\"@type\":\"ImageObject\",\"inLanguage\":\"en-GB\",\"@id\":\"https:\/\/www.surfcampribadesella.com\/en\/surfcamps\/youth-camps\/#primaryimage\",\"url\":\"https:\/\/st3.surfcampribadesella.com\/media\/sites\/2\/2025\/12\/Juveniles-1080_1080_EN.jpg\",\"contentUrl\":\"https:\/\/st3.surfcampribadesella.com\/media\/sites\/2\/2025\/12\/Juveniles-1080_1080_EN.jpg\",\"width\":1080,\"height\":1080},{\"@type\":\"BreadcrumbList\",\"@id\":\"https:\/\/www.surfcampribadesella.com\/en\/surfcamps\/youth-camps\/#breadcrumb\",\"itemListElement\":[{\"@type\":\"ListItem\",\"position\":1,\"name\":\"Surfcamps\",\"item\":\"https:\/\/www.surfcampribadesella.com\/en\/surfcamps\/\"},{\"@type\":\"ListItem\",\"position\":2,\"name\":\"Youth camps\"}]},{\"@type\":\"WebSite\",\"@id\":\"https:\/\/www.surfcampribadesella.com\/en\/#website\",\"url\":\"https:\/\/www.surfcampribadesella.com\/en\/\",\"name\":\"(EN) Ribadesella Surfcamp | Surf School in Spain\",\"description\":\"Ribadesella Surfcamp - Surf School in Spain\",\"potentialAction\":[{\"@type\":\"SearchAction\",\"target\":{\"@type\":\"EntryPoint\",\"urlTemplate\":\"https:\/\/www.surfcampribadesella.com\/en\/?s={search_term_string}\"},\"query-input\":{\"@type\":\"PropertyValueSpecification\",\"valueRequired\":true,\"valueName\":\"search_term_string\"}}],\"inLanguage\":\"en-GB\"}]}<\/script>\n<!-- \/ Yoast SEO plugin. -->","yoast_head_json":{"title":"Youth Camps in Ribadesella (Asturias) - Surf Camp Ribadesella","description":"In our surf camps for children in Ribadesella (Asturias), children can enjoy sports and healthy living in the countryside. Find out without obligation.","robots":{"index":"index","follow":"follow","max-snippet":"max-snippet:-1","max-image-preview":"max-image-preview:large","max-video-preview":"max-video-preview:-1"},"canonical":"https:\/\/www.surfcampribadesella.com\/en\/surfcamps\/youth-camps\/","og_locale":"en_GB","og_type":"article","og_title":"Youth Camps in Ribadesella (Asturias) - Surf Camp Ribadesella","og_description":"In our surf camps for children in Ribadesella (Asturias), children can enjoy sports and healthy living in the countryside. Find out without obligation.","og_url":"https:\/\/www.surfcampribadesella.com\/en\/surfcamps\/youth-camps\/","og_site_name":"(EN) Ribadesella Surfcamp | Surf School in Spain","article_modified_time":"2026-01-24T12:19:01+00:00","og_image":[{"width":1080,"height":1080,"url":"https:\/\/st3.surfcampribadesella.com\/media\/sites\/2\/2025\/12\/Juveniles-1080_1080_EN.jpg","type":"image\/jpeg"}],"twitter_misc":{"Estimated reading time":"6 minutes"},"schema":{"@context":"https:\/\/schema.org","@graph":[{"@type":"WebPage","@id":"https:\/\/www.surfcampribadesella.com\/en\/surfcamps\/youth-camps\/","url":"https:\/\/www.surfcampribadesella.com\/en\/surfcamps\/youth-camps\/","name":"Youth Camps in Ribadesella (Asturias) - Surf Camp Ribadesella","isPartOf":{"@id":"https:\/\/www.surfcampribadesella.com\/en\/#website"},"primaryImageOfPage":{"@id":"https:\/\/www.surfcampribadesella.com\/en\/surfcamps\/youth-camps\/#primaryimage"},"image":{"@id":"https:\/\/www.surfcampribadesella.com\/en\/surfcamps\/youth-camps\/#primaryimage"},"thumbnailUrl":"https:\/\/st3.surfcampribadesella.com\/media\/sites\/2\/2025\/12\/Juveniles-1080_1080_EN.jpg","datePublished":"2014-02-18T20:45:42+00:00","dateModified":"2026-01-24T12:19:01+00:00","description":"In our surf camps for children in Ribadesella (Asturias), children can enjoy sports and healthy living in the countryside. Find out without obligation.","breadcrumb":{"@id":"https:\/\/www.surfcampribadesella.com\/en\/surfcamps\/youth-camps\/#breadcrumb"},"inLanguage":"en-GB","potentialAction":[{"@type":"ReadAction","target":["https:\/\/www.surfcampribadesella.com\/en\/surfcamps\/youth-camps\/"]}]},{"@type":"ImageObject","inLanguage":"en-GB","@id":"https:\/\/www.surfcampribadesella.com\/en\/surfcamps\/youth-camps\/#primaryimage","url":"https:\/\/st3.surfcampribadesella.com\/media\/sites\/2\/2025\/12\/Juveniles-1080_1080_EN.jpg","contentUrl":"https:\/\/st3.surfcampribadesella.com\/media\/sites\/2\/2025\/12\/Juveniles-1080_1080_EN.jpg","width":1080,"height":1080},{"@type":"BreadcrumbList","@id":"https:\/\/www.surfcampribadesella.com\/en\/surfcamps\/youth-camps\/#breadcrumb","itemListElement":[{"@type":"ListItem","position":1,"name":"Surfcamps","item":"https:\/\/www.surfcampribadesella.com\/en\/surfcamps\/"},{"@type":"ListItem","position":2,"name":"Youth camps"}]},{"@type":"WebSite","@id":"https:\/\/www.surfcampribadesella.com\/en\/#website","url":"https:\/\/www.surfcampribadesella.com\/en\/","name":"(EN) Ribadesella Surfcamp | Surf School in Spain","description":"Ribadesella Surfcamp - Surf School in Spain","potentialAction":[{"@type":"SearchAction","target":{"@type":"EntryPoint","urlTemplate":"https:\/\/www.surfcampribadesella.com\/en\/?s={search_term_string}"},"query-input":{"@type":"PropertyValueSpecification","valueRequired":true,"valueName":"search_term_string"}}],"inLanguage":"en-GB"}]}},"_links":{"self":[{"href":"https:\/\/www.surfcampribadesella.com\/en\/wp-json\/wp\/v2\/pages\/1078","targetHints":{"allow":["GET"]}}],"collection":[{"href":"https:\/\/www.surfcampribadesella.com\/en\/wp-json\/wp\/v2\/pages"}],"about":[{"href":"https:\/\/www.surfcampribadesella.com\/en\/wp-json\/wp\/v2\/types\/page"}],"author":[{"embeddable":true,"href":"https:\/\/www.surfcampribadesella.com\/en\/wp-json\/wp\/v2\/users\/1"}],"replies":[{"embeddable":true,"href":"https:\/\/www.surfcampribadesella.com\/en\/wp-json\/wp\/v2\/comments?post=1078"}],"version-history":[{"count":90,"href":"https:\/\/www.surfcampribadesella.com\/en\/wp-json\/wp\/v2\/pages\/1078\/revisions"}],"predecessor-version":[{"id":5196,"href":"https:\/\/www.surfcampribadesella.com\/en\/wp-json\/wp\/v2\/pages\/1078\/revisions\/5196"}],"up":[{"embeddable":true,"href":"https:\/\/www.surfcampribadesella.com\/en\/wp-json\/wp\/v2\/pages\/4435"}],"wp:featuredmedia":[{"embeddable":true,"href":"https:\/\/www.surfcampribadesella.com\/en\/wp-json\/wp\/v2\/media\/5175"}],"wp:attachment":[{"href":"https:\/\/www.surfcampribadesella.com\/en\/wp-json\/wp\/v2\/media?parent=1078"}],"curies":[{"name":"wp","href":"https:\/\/api.w.org\/{rel}","templated":true}]}}